{"id":19568,"date":"2023-09-26T07:19:30","date_gmt":"2023-09-26T07:19:30","guid":{"rendered":"https:\/\/clients.rubystudio.dk\/frederikkewaerens-2.0\/?post_type=product&#038;p=19568"},"modified":"2023-11-09T12:07:23","modified_gmt":"2023-11-09T12:07:23","slug":"frederikke-waerens-x-sistie","status":"publish","type":"product","link":"https:\/\/frederikkewaerens.dk\/en\/product\/frederikke-waerens-x-sistie\/","title":{"rendered":"Frederikke W\u00e6rens x Sistie"},"content":{"rendered":"<p>At f\u00e5 lov til at designe min egen smykkekollektion Frederikke W\u00e6rens x Sistie sammen med Sistie, har v\u00e6ret en dr\u00f8m, som nu er g\u00e5et i opfyldelse. Det har v\u00e6ret utrolig inspirerende at forvandle bagv\u00e6rk og godter fra min kreative verden i k\u00f8kkenet, til sm\u00e5 miniature modeller i de fineste smykker, som kan bruges til b\u00e5de hverdag og fest.<\/p>\n<p><span style=\"text-decoration: underline;\"><a href=\"https:\/\/sistieshop.dk\/pages\/frederikke-waerens\">K\u00d8B HER<\/a><\/span><\/p>\n<h2>Tankerne bag smykkerne<\/h2>\n<p>De elementer, jeg har valgt til min kollektion Frederikke W\u00e6rens x Sistie, er croissanter, karameller og selvf\u00f8lgelig kanelsnegle, som er nogle af mine favoritter. Jeg elsker den m\u00e5de, hvorp\u00e5 de er blevet omsat til sm\u00e5 fine ikoner p\u00e5 de s\u00f8de l\u00e6kkerier fra mit k\u00f8kken. Smykkerne har et stilrent og enkelt udtryk, og kan derfor bruges af piger og kvinder i alle aldre.<\/p>\n<p>Det er pr\u00e6cis den slags smykker, jeg selv g\u00e5r med hver dag. Jeg har altid \u00f8reringe, ringe og armb\u00e5nd p\u00e5. N\u00e5r det skal v\u00e6re festligt, tils\u00e6tter jeg ogs\u00e5 en halsk\u00e6de eller to. De sm\u00e5 \u00f8restikker med croissanter og det fine armb\u00e5nd i guld er blevet mine personlige favoritter. Og jeg har haft \u00f8reringene i, siden jeg modtog de f\u00f8rste kollektionspr\u00f8ver.<\/p>\n<p>De smukke lyser\u00f8de sten \u201cpeach Moonstone\u201d som sidder i halsk\u00e6de, armb\u00e5nd og \u00f8reringe, er et perfekt symbol p\u00e5 mit lyser\u00f8de univers, der kendetegner min blog og mit studiek\u00f8kken. Jeg har altid elsket farver. Allerede som barn fik jeg lov til at v\u00e6lge farven til v\u00e6ggene p\u00e5 mit v\u00e6relse. Og det var faktisk pr\u00e6cis den samme sarte lyser\u00f8de farve, som nu er i smykkerne.<\/p>\n<p>Jeg synes, at de lyser\u00f8de sten passer s\u00e5 smukt b\u00e5de til s\u00f8lv- og guldsmykkerne, og giver dem et strejf af farve, men stadig s\u00e5dan at smykker kan passe til det hele.<\/p>\n<p><em>Smykkerneblev lanceret d. 29\/8 \u2013 2022 og kan k\u00f8bes p\u00e5 <a href=\"https:\/\/sistieshop.dk\/pages\/frederikke-waerens\">Sisties webshop<\/a>, Sistie Flagship Store i K\u00f8benhavn og hos alle Sistie forhandlere.<\/em><\/p>\n","protected":false},"excerpt":{"rendered":"<p><span style=\"text-decoration: underline;\"><a href=\"https:\/\/sistieshop.dk\/pages\/frederikke-waerens\">K\u00d8B HER<\/a><\/span><\/p>\n<p>At f\u00e5 lov til at designe min egen smykkekollektion sammen med Sistie, har v\u00e6ret en dr\u00f8m, som nu er g\u00e5et i opfyldelse. Det har v\u00e6ret utrolig inspirerende at forvandle bagv\u00e6rk og godter fra min kreative verden i k\u00f8kkenet, til sm\u00e5 miniature modeller i de fineste smykker, som kan bruges til b\u00e5de hverdag og fest.<\/p>\n<p>De elementer, jeg har valgt til smykkerne, er croissanter, karameller og selvf\u00f8lgelig kanelsnegle, som er nogle af mine favoritter. Jeg elsker den m\u00e5de, hvorp\u00e5 de er blevet omsat til sm\u00e5 fine ikoner p\u00e5 de s\u00f8de l\u00e6kkerier fra mit k\u00f8kken. Smykkerne har et stilrent og enkelt udtryk, og kan derfor bruges af piger og kvinder i alle aldre. Det er pr\u00e6cis den slags smykker, jeg selv g\u00e5r med hver dag. Jeg har altid \u00f8reringe, ringe og armb\u00e5nd p\u00e5. N\u00e5r det skal v\u00e6re festligt, tils\u00e6tter jeg ogs\u00e5 en halsk\u00e6de eller to. De sm\u00e5 \u00f8restikker med croissanter og det fine armb\u00e5nd i guld er blevet mine personlige favoritter, og jeg har haft \u00f8reringene i, siden jeg modtog de f\u00f8rste kollektionspr\u00f8ver.<\/p>\n<p>De smukke lyser\u00f8de sten \u201cpeach Moonstone\u201d som sidder i halsk\u00e6de, armb\u00e5nd og \u00f8reringe, er et perfekt symbol p\u00e5 mit lyser\u00f8de univers, der kendetegner min blog og mit studiek\u00f8kken. Jeg har altid elsket farver, og allerede som barn fik jeg lov til at v\u00e6lge farven til v\u00e6ggene p\u00e5 mit v\u00e6relse, og det var faktisk pr\u00e6cis den samme sarte lyser\u00f8de farve, som nu er i smykkerne.<\/p>\n<p>Jeg synes, at de lyser\u00f8de sten passer s\u00e5 smukt b\u00e5de til s\u00f8lv- og guldsmykkerne, og giver dem et strejf af farve, men stadig s\u00e5dan at smykker kan passe til det hele.<\/p>\n<p><em>Smykkerneblev lanceret d. 29\/8 \u2013 2022 og kan k\u00f8bes p\u00e5 <a href=\"https:\/\/sistieshop.dk\/pages\/frederikke-waerens\">Sisties webshop<\/a>, Sistie Flagship Store i K\u00f8benhavn og hos alle Sistie forhandlere.<\/em><\/p>\n","protected":false},"featured_media":19569,"template":"","meta":{"_acf_changed":false},"product_brand":[],"product_cat":[1998],"product_tag":[],"class_list":{"0":"post-19568","1":"product","2":"type-product","3":"status-publish","4":"has-post-thumbnail","7":"first","8":"instock","9":"taxable","10":"shipping-taxable","11":"product-type-simple"},"acf":[],"yoast_head":"<!-- This site is optimized with the Yoast SEO plugin v25.4 - https:\/\/yoast.com\/wordpress\/plugins\/seo\/ -->\n<title>Frederikke W\u00e6rens x Sistie - Et smykkesamarbejde<\/title>\n<meta name=\"description\" content=\"Frederikke W\u00e6rens har lavet et smykkesamarbejde Frederikke W\u00e6rens x Sistie med brandet Sistie. Frederikke har skabt de forskellige designs.\" \/>\n<meta name=\"robots\" content=\"index, follow, max-snippet:-1, max-image-preview:large, max-video-preview:-1\" \/>\n<link rel=\"canonical\" href=\"https:\/\/frederikkewaerens.dk\/en\/product\/frederikke-waerens-x-sistie\/\" \/>\n<meta property=\"og:locale\" content=\"en_US\" \/>\n<meta property=\"og:type\" content=\"article\" \/>\n<meta property=\"og:title\" content=\"Frederikke W\u00e6rens x Sistie - Et smykkesamarbejde\" \/>\n<meta property=\"og:description\" content=\"Frederikke W\u00e6rens har lavet et smykkesamarbejde Frederikke W\u00e6rens x Sistie med brandet Sistie. Frederikke har skabt de forskellige designs.\" \/>\n<meta property=\"og:url\" content=\"https:\/\/frederikkewaerens.dk\/en\/product\/frederikke-waerens-x-sistie\/\" \/>\n<meta property=\"og:site_name\" content=\"Frederikke W\u00e6rens\" \/>\n<meta property=\"article:modified_time\" content=\"2023-11-09T12:07:23+00:00\" \/>\n<meta property=\"og:image\" content=\"https:\/\/frederikkewaerens.dk\/wp-content\/uploads\/2023\/09\/Frederikke-Waerens-x-Sistie-17.jpg\" \/>\n\t<meta property=\"og:image:width\" content=\"1080\" \/>\n\t<meta property=\"og:image:height\" content=\"1350\" \/>\n\t<meta property=\"og:image:type\" content=\"image\/jpeg\" \/>\n<meta name=\"twitter:card\" content=\"summary_large_image\" \/>\n<meta name=\"twitter:label1\" content=\"Est. reading time\" \/>\n\t<meta name=\"twitter:data1\" content=\"2 minutes\" \/>\n<script type=\"application\/ld+json\" class=\"yoast-schema-graph\">{\"@context\":\"https:\/\/schema.org\",\"@graph\":[{\"@type\":\"WebPage\",\"@id\":\"https:\/\/frederikkewaerens.dk\/en\/product\/frederikke-waerens-x-sistie\/\",\"url\":\"https:\/\/frederikkewaerens.dk\/en\/product\/frederikke-waerens-x-sistie\/\",\"name\":\"Frederikke W\u00e6rens x Sistie - Et smykkesamarbejde\",\"isPartOf\":{\"@id\":\"https:\/\/frederikkewaerens.dk\/en\/#website\"},\"primaryImageOfPage\":{\"@id\":\"https:\/\/frederikkewaerens.dk\/en\/product\/frederikke-waerens-x-sistie\/#primaryimage\"},\"image\":{\"@id\":\"https:\/\/frederikkewaerens.dk\/en\/product\/frederikke-waerens-x-sistie\/#primaryimage\"},\"thumbnailUrl\":\"https:\/\/frederikkewaerens.dk\/wp-content\/uploads\/2023\/09\/Frederikke-Waerens-x-Sistie-17.jpg\",\"datePublished\":\"2023-09-26T07:19:30+00:00\",\"dateModified\":\"2023-11-09T12:07:23+00:00\",\"description\":\"Frederikke W\u00e6rens har lavet et smykkesamarbejde Frederikke W\u00e6rens x Sistie med brandet Sistie. Frederikke har skabt de forskellige designs.\",\"breadcrumb\":{\"@id\":\"https:\/\/frederikkewaerens.dk\/en\/product\/frederikke-waerens-x-sistie\/#breadcrumb\"},\"inLanguage\":\"en-US\",\"potentialAction\":[{\"@type\":\"ReadAction\",\"target\":[\"https:\/\/frederikkewaerens.dk\/en\/product\/frederikke-waerens-x-sistie\/\"]}]},{\"@type\":\"ImageObject\",\"inLanguage\":\"en-US\",\"@id\":\"https:\/\/frederikkewaerens.dk\/en\/product\/frederikke-waerens-x-sistie\/#primaryimage\",\"url\":\"https:\/\/frederikkewaerens.dk\/wp-content\/uploads\/2023\/09\/Frederikke-Waerens-x-Sistie-17.jpg\",\"contentUrl\":\"https:\/\/frederikkewaerens.dk\/wp-content\/uploads\/2023\/09\/Frederikke-Waerens-x-Sistie-17.jpg\",\"width\":1080,\"height\":1350,\"caption\":\"Frederikke W\u00e6rens x Sistie\"},{\"@type\":\"BreadcrumbList\",\"@id\":\"https:\/\/frederikkewaerens.dk\/en\/product\/frederikke-waerens-x-sistie\/#breadcrumb\",\"itemListElement\":[{\"@type\":\"ListItem\",\"position\":1,\"name\":\"Shop\",\"item\":\"https:\/\/frederikkewaerens.dk\/en\/shop\/\"},{\"@type\":\"ListItem\",\"position\":2,\"name\":\"Frederikke W\u00e6rens x Sistie\"}]},{\"@type\":\"WebSite\",\"@id\":\"https:\/\/frederikkewaerens.dk\/en\/#website\",\"url\":\"https:\/\/frederikkewaerens.dk\/en\/\",\"name\":\"Frederikke W\u00e6rens\",\"description\":\"\",\"potentialAction\":[{\"@type\":\"SearchAction\",\"target\":{\"@type\":\"EntryPoint\",\"urlTemplate\":\"https:\/\/frederikkewaerens.dk\/en\/?s={search_term_string}\"},\"query-input\":{\"@type\":\"PropertyValueSpecification\",\"valueRequired\":true,\"valueName\":\"search_term_string\"}}],\"inLanguage\":\"en-US\"}]}<\/script>\n<!-- \/ Yoast SEO plugin. -->","yoast_head_json":{"title":"Frederikke W\u00e6rens x Sistie - Et smykkesamarbejde","description":"Frederikke W\u00e6rens har lavet et smykkesamarbejde Frederikke W\u00e6rens x Sistie med brandet Sistie. Frederikke har skabt de forskellige designs.","robots":{"index":"index","follow":"follow","max-snippet":"max-snippet:-1","max-image-preview":"max-image-preview:large","max-video-preview":"max-video-preview:-1"},"canonical":"https:\/\/frederikkewaerens.dk\/en\/product\/frederikke-waerens-x-sistie\/","og_locale":"en_US","og_type":"article","og_title":"Frederikke W\u00e6rens x Sistie - Et smykkesamarbejde","og_description":"Frederikke W\u00e6rens har lavet et smykkesamarbejde Frederikke W\u00e6rens x Sistie med brandet Sistie. Frederikke har skabt de forskellige designs.","og_url":"https:\/\/frederikkewaerens.dk\/en\/product\/frederikke-waerens-x-sistie\/","og_site_name":"Frederikke W\u00e6rens","article_modified_time":"2023-11-09T12:07:23+00:00","og_image":[{"width":1080,"height":1350,"url":"https:\/\/frederikkewaerens.dk\/wp-content\/uploads\/2023\/09\/Frederikke-Waerens-x-Sistie-17.jpg","type":"image\/jpeg"}],"twitter_card":"summary_large_image","twitter_misc":{"Est. reading time":"2 minutes"},"schema":{"@context":"https:\/\/schema.org","@graph":[{"@type":"WebPage","@id":"https:\/\/frederikkewaerens.dk\/en\/product\/frederikke-waerens-x-sistie\/","url":"https:\/\/frederikkewaerens.dk\/en\/product\/frederikke-waerens-x-sistie\/","name":"Frederikke W\u00e6rens x Sistie - Et smykkesamarbejde","isPartOf":{"@id":"https:\/\/frederikkewaerens.dk\/en\/#website"},"primaryImageOfPage":{"@id":"https:\/\/frederikkewaerens.dk\/en\/product\/frederikke-waerens-x-sistie\/#primaryimage"},"image":{"@id":"https:\/\/frederikkewaerens.dk\/en\/product\/frederikke-waerens-x-sistie\/#primaryimage"},"thumbnailUrl":"https:\/\/frederikkewaerens.dk\/wp-content\/uploads\/2023\/09\/Frederikke-Waerens-x-Sistie-17.jpg","datePublished":"2023-09-26T07:19:30+00:00","dateModified":"2023-11-09T12:07:23+00:00","description":"Frederikke W\u00e6rens har lavet et smykkesamarbejde Frederikke W\u00e6rens x Sistie med brandet Sistie. Frederikke har skabt de forskellige designs.","breadcrumb":{"@id":"https:\/\/frederikkewaerens.dk\/en\/product\/frederikke-waerens-x-sistie\/#breadcrumb"},"inLanguage":"en-US","potentialAction":[{"@type":"ReadAction","target":["https:\/\/frederikkewaerens.dk\/en\/product\/frederikke-waerens-x-sistie\/"]}]},{"@type":"ImageObject","inLanguage":"en-US","@id":"https:\/\/frederikkewaerens.dk\/en\/product\/frederikke-waerens-x-sistie\/#primaryimage","url":"https:\/\/frederikkewaerens.dk\/wp-content\/uploads\/2023\/09\/Frederikke-Waerens-x-Sistie-17.jpg","contentUrl":"https:\/\/frederikkewaerens.dk\/wp-content\/uploads\/2023\/09\/Frederikke-Waerens-x-Sistie-17.jpg","width":1080,"height":1350,"caption":"Frederikke W\u00e6rens x Sistie"},{"@type":"BreadcrumbList","@id":"https:\/\/frederikkewaerens.dk\/en\/product\/frederikke-waerens-x-sistie\/#breadcrumb","itemListElement":[{"@type":"ListItem","position":1,"name":"Shop","item":"https:\/\/frederikkewaerens.dk\/en\/shop\/"},{"@type":"ListItem","position":2,"name":"Frederikke W\u00e6rens x Sistie"}]},{"@type":"WebSite","@id":"https:\/\/frederikkewaerens.dk\/en\/#website","url":"https:\/\/frederikkewaerens.dk\/en\/","name":"Frederikke W\u00e6rens","description":"","potentialAction":[{"@type":"SearchAction","target":{"@type":"EntryPoint","urlTemplate":"https:\/\/frederikkewaerens.dk\/en\/?s={search_term_string}"},"query-input":{"@type":"PropertyValueSpecification","valueRequired":true,"valueName":"search_term_string"}}],"inLanguage":"en-US"}]}},"_links":{"self":[{"href":"https:\/\/frederikkewaerens.dk\/en\/wp-json\/wp\/v2\/product\/19568","targetHints":{"allow":["GET"]}}],"collection":[{"href":"https:\/\/frederikkewaerens.dk\/en\/wp-json\/wp\/v2\/product"}],"about":[{"href":"https:\/\/frederikkewaerens.dk\/en\/wp-json\/wp\/v2\/types\/product"}],"wp:featuredmedia":[{"embeddable":true,"href":"https:\/\/frederikkewaerens.dk\/en\/wp-json\/wp\/v2\/media\/19569"}],"wp:attachment":[{"href":"https:\/\/frederikkewaerens.dk\/en\/wp-json\/wp\/v2\/media?parent=19568"}],"wp:term":[{"taxonomy":"product_brand","embeddable":true,"href":"https:\/\/frederikkewaerens.dk\/en\/wp-json\/wp\/v2\/product_brand?post=19568"},{"taxonomy":"product_cat","embeddable":true,"href":"https:\/\/frederikkewaerens.dk\/en\/wp-json\/wp\/v2\/product_cat?post=19568"},{"taxonomy":"product_tag","embeddable":true,"href":"https:\/\/frederikkewaerens.dk\/en\/wp-json\/wp\/v2\/product_tag?post=19568"}],"curies":[{"name":"wp","href":"https:\/\/api.w.org\/{rel}","templated":true}]}}